

{"version":"1.0","provider_name":"e-MarineEducation.com","provider_url":"https:\/\/e-marineeducation.com\/tr","author_name":"Dr. Aybars Oru\u00e7","author_url":"https:\/\/e-marineeducation.com\/tr\/author\/denizci88\/","title":"Band\u0131rma Denizcilik Fak\u00fcltesi Konu\u015fuldu - e-MarineEducation.com","type":"rich","width":600,"height":338,"html":"<blockquote class=\"wp-embedded-content\" data-secret=\"bPx26HMzvE\"><a href=\"https:\/\/e-marineeducation.com\/tr\/bandirma-denizcilik-fakultesi-konusuldu\/\">Band\u0131rma Denizcilik Fak\u00fcltesi Konu\u015fuldu<\/a><\/blockquote><iframe sandbox=\"allow-scripts\" security=\"restricted\" src=\"https:\/\/e-marineeducation.com\/tr\/bandirma-denizcilik-fakultesi-konusuldu\/embed\/#?secret=bPx26HMzvE\" width=\"600\" height=\"338\" title=\"&#8220;Band\u0131rma Denizcilik Fak\u00fcltesi Konu\u015fuldu&#8221; &#8212; e-MarineEducation.com\" data-secret=\"bPx26HMzvE\" frameborder=\"0\" marginwidth=\"0\" marginheight=\"0\" scrolling=\"no\" class=\"wp-embedded-content\"><\/iframe><script type=\"text\/javascript\">\n\/* <![CDATA[ *\/\n\/*! This file is auto-generated *\/\n!function(d,l){\"use strict\";l.querySelector&&d.addEventListener&&\"undefined\"!=typeof URL&&(d.wp=d.wp||{},d.wp.receiveEmbedMessage||(d.wp.receiveEmbedMessage=function(e){var t=e.data;if((t||t.secret||t.message||t.value)&&!\/[^a-zA-Z0-9]\/.test(t.secret)){for(var s,r,n,a=l.querySelectorAll('iframe[data-secret=\"'+t.secret+'\"]'),o=l.querySelectorAll('blockquote[data-secret=\"'+t.secret+'\"]'),c=new RegExp(\"^https?:$\",\"i\"),i=0;i<o.length;i++)o[i].style.display=\"none\";for(i=0;i<a.length;i++)s=a[i],e.source===s.contentWindow&&(s.removeAttribute(\"style\"),\"height\"===t.message?(1e3<(r=parseInt(t.value,10))?r=1e3:~~r<200&&(r=200),s.height=r):\"link\"===t.message&&(r=new URL(s.getAttribute(\"src\")),n=new URL(t.value),c.test(n.protocol))&&n.host===r.host&&l.activeElement===s&&(d.top.location.href=t.value))}},d.addEventListener(\"message\",d.wp.receiveEmbedMessage,!1),l.addEventListener(\"DOMContentLoaded\",function(){for(var e,t,s=l.querySelectorAll(\"iframe.wp-embedded-content\"),r=0;r<s.length;r++)(t=(e=s[r]).getAttribute(\"data-secret\"))||(t=Math.random().toString(36).substring(2,12),e.src+=\"#?secret=\"+t,e.setAttribute(\"data-secret\",t)),e.contentWindow.postMessage({message:\"ready\",secret:t},\"*\")},!1)))}(window,document);\n\/\/# sourceURL=https:\/\/e-marineeducation.com\/tr\/wp-includes\/js\/wp-embed.min.js\n\/* ]]> *\/\n<\/script>\n","thumbnail_url":"https:\/\/e-marineeducation.com\/tr\/wp-content\/uploads\/Bal\u0131kesir-\u00dcniversitesi-Simge.png","thumbnail_width":"74","thumbnail_height":"74","description":"2012 &#8211; 2013 akademik y\u0131l\u0131nda e\u011fitime ba\u015flamas\u0131 planlanan Bal\u0131kesir \u00dcniversitesi Band\u0131rma Denizcilik Fak\u00fcltesi, Band\u0131rma Sanayici ve \u0130\u015fadamlar\u0131 Derne\u011fi&#8217;nin Eyl\u00fcl ay\u0131ndaki toplant\u0131s\u0131nda g\u00fcndem konusuydu. \u00c7e\u015fitli milletvekilleri ve idarecilerin yan\u0131 s\u0131ra Piri Reis \u00dcniversitesi Rekt\u00f6r Prof. Dr. Osman Kamil Sa\u011f, Bal\u0131kesir \u00dcniversitesi Rekt\u00f6r\u00fc Prof. Dr. Mahir Alkan ve Bal\u0131kesir \u00dcniversitesi Band\u0131rma Denizcilik Fak\u00fcltesi Dekan\u0131 Prof. Dr. Ramazan &hellip;"}